{"id":12,"date":"2017-05-16T16:54:44","date_gmt":"2017-05-16T16:54:44","guid":{"rendered":"http:\/\/fundacionelencuentro.org\/co\/?page_id=12"},"modified":"2018-09-05T10:00:21","modified_gmt":"2018-09-05T15:00:21","slug":"unase","status":"publish","type":"page","link":"https:\/\/fundacionelencuentro.org\/co\/unase\/","title":{"rendered":"\u00danase"},"content":{"rendered":"<div id=\"pl-12\"  class=\"panel-layout\" ><div id=\"pg-12-0\"  class=\"panel-grid panel-has-style\" ><div class=\"siteorigin-panels-stretch panel-row-style panel-row-style-for-12-0\" data-stretch-type=\"full-stretched\" ><div id=\"pgc-12-0-0\"  class=\"panel-grid-cell\" ><div id=\"panel-12-0-0-0\" class=\"so-panel widget widget_sow-hero panel-first-child panel-last-child\" data-index=\"0\" ><div\n\t\t\t\n\t\t\tclass=\"so-widget-sow-hero so-widget-sow-hero-default-45b532468983-12\"\n\t\t\t\n\t\t>\t\t\t\t<div class=\"sow-slider-base\" style=\"display: none\">\n\t\t\t\t\t<ul\n\t\t\t\t\tclass=\"sow-slider-images\"\n\t\t\t\t\tdata-settings=\"{&quot;pagination&quot;:true,&quot;speed&quot;:800,&quot;timeout&quot;:8000,&quot;paused&quot;:false,&quot;pause_on_hover&quot;:false,&quot;swipe&quot;:false,&quot;nav_always_show_desktop&quot;:&quot;&quot;,&quot;nav_always_show_mobile&quot;:&quot;&quot;,&quot;breakpoint&quot;:&quot;780px&quot;,&quot;unmute&quot;:false,&quot;anchor&quot;:null}\"\n\t\t\t\t\t\t\t\t\t\tdata-anchor-id=\"\"\n\t\t\t\t>\t\t<li class=\"sow-slider-image  sow-slider-image-cover\" style=\"visibility: visible;;background-color: #333333\" >\n\t\t\t\t\t<div class=\"sow-slider-image-container\">\n\t\t\t<div class=\"sow-slider-image-wrapper\">\n\t\t\t\t<h1 style=\"text-align: center;font-size:45px;font-weight:400\">Trabaje Con Nosotros<\/h1>\t\t\t<\/div>\n\t\t<\/div>\n\t\t<div class=\"sow-slider-image-overlay sow-slider-image-cover\" style=\"background-image: url(https:\/\/fundacionelencuentro.org\/co\/wp-content\/uploads\/2017\/05\/pexels-photo-398532.jpeg);opacity: 0.8\"  ><\/div>\t\t<\/li>\n\t\t<\/ul>\t\t\t\t<ol class=\"sow-slider-pagination\">\n\t\t\t\t\t\t\t\t\t\t\t<li><a href=\"#\" data-goto=\"0\" aria-label=\"display slide 1\"><\/a><\/li>\n\t\t\t\t\t\t\t\t\t<\/ol>\n\n\t\t\t\t<div class=\"sow-slide-nav sow-slide-nav-next\">\n\t\t\t\t\t<a href=\"#\" data-goto=\"next\" aria-label=\"next slide\" data-action=\"next\">\n\t\t\t\t\t\t<em class=\"sow-sld-icon-thin-right\"><\/em>\n\t\t\t\t\t<\/a>\n\t\t\t\t<\/div>\n\n\t\t\t\t<div class=\"sow-slide-nav sow-slide-nav-prev\">\n\t\t\t\t\t<a href=\"#\" data-goto=\"previous\" aria-label=\"previous slide\" data-action=\"prev\">\n\t\t\t\t\t\t<em class=\"sow-sld-icon-thin-left\"><\/em>\n\t\t\t\t\t<\/a>\n\t\t\t\t<\/div>\n\t\t\t\t<\/div><\/div><\/div><\/div><\/div><\/div><div id=\"pg-12-1\"  class=\"panel-grid panel-has-style\" ><div class=\"panel-row-style panel-row-style-for-12-1\" ><div id=\"pgc-12-1-0\"  class=\"panel-grid-cell\" ><div id=\"panel-12-1-0-0\" class=\"so-panel widget widget_siteorigin-panels-builder panel-first-child panel-last-child\" data-index=\"1\" ><div id=\"pl-w5956c8f081b79\"  class=\"panel-layout\" ><div id=\"pg-w5956c8f081b79-0\"  class=\"panel-grid panel-no-style\" ><div id=\"pgc-w5956c8f081b79-0-0\"  class=\"panel-grid-cell\" ><div id=\"panel-w5956c8f081b79-0-0-0\" class=\"so-panel widget widget_sow-headline panel-first-child\" data-index=\"0\" ><div\n\t\t\t\n\t\t\tclass=\"so-widget-sow-headline so-widget-sow-headline-default-b0626ff28f9a\"\n\t\t\t\n\t\t><div class=\"sow-headline-container \">\n\t<h1 class='sow-headline'><h1 style=\"font-weight:300;font-size:35px\"><span style=\"border-top:1.5px solid #303030;border-left:1.5px solid #303030;padding-top:12px;padding-bottom:12px;padding-left:22px\">Traba<\/span>jos Act<span style=\"border-bottom:1.5px solid #303030;border-right:1.5px solid #303030;padding-bottom:12px;padding-top:12px;padding-right:22px\">uales<\/span><\/h1><\/h1><\/div>\n<\/div><\/div><div id=\"panel-w5956c8f081b79-0-0-1\" class=\"so-panel widget widget_sow-editor panel-last-child\" data-index=\"1\" ><div class=\"panel-widget-style panel-widget-style-for-w5956c8f081b79-0-0-1\" ><div\n\t\t\t\n\t\t\tclass=\"so-widget-sow-editor so-widget-sow-editor-base\"\n\t\t\t\n\t\t>\n<div class=\"siteorigin-widget-tinymce textwidget\">\n\t<div style=\"margin-bottom: 10px;\">Buscamos a profesionales dispuestos a impactar positiva-mente su ciudad, con pasi\u00f3n por lo social, gusto por aprender constantemente, creatividad e iniciativa.<\/div>\n<div style=\"margin-bottom:20px;\">Para mayor informaci\u00f3n de oportunidades laborales o de voluntariado por favor escr\u00edbanos al correo gestionhumana@fundacionelencuentro.org<\/div>\n<p><em>*Todos los candidatos deben ser profesionales y mayores de edad.<\/em><\/p>\n<\/div>\n<\/div><\/div><\/div><\/div><div id=\"pgc-w5956c8f081b79-0-1\"  class=\"panel-grid-cell\" ><div id=\"panel-w5956c8f081b79-0-1-0\" class=\"so-panel widget widget_sow-slider panel-first-child panel-last-child\" data-index=\"2\" ><div\n\t\t\t\n\t\t\tclass=\"so-widget-sow-slider so-widget-sow-slider-default-e60a1100ace4\"\n\t\t\t\n\t\t>\t\t\t\t<div class=\"sow-slider-base\" style=\"display: none\">\n\t\t\t\t\t<ul\n\t\t\t\t\tclass=\"sow-slider-images\"\n\t\t\t\t\tdata-settings=\"{&quot;pagination&quot;:true,&quot;speed&quot;:800,&quot;timeout&quot;:6000,&quot;paused&quot;:false,&quot;pause_on_hover&quot;:false,&quot;swipe&quot;:true,&quot;nav_always_show_desktop&quot;:&quot;&quot;,&quot;nav_always_show_mobile&quot;:&quot;&quot;,&quot;breakpoint&quot;:&quot;780px&quot;,&quot;unmute&quot;:false,&quot;anchor&quot;:null}\"\n\t\t\t\t\t\t\t\t\t\tdata-anchor-id=\"\"\n\t\t\t\t>\t\t<li class=\"sow-slider-image\" style=\"visibility: visible;\" >\n\t\t\t\t\t\t<div class=\"sow-slider-image-container\">\n\t\t\t\t<div class=\"sow-slider-image-wrapper\" style=\"max-width: 641px\">\n\t\t\t\t\t\t\t\t\t\t<div class=\"sow-slider-image-foreground-wrapper\">\n\t\t\t\t\t\t<img width=\"641\" height=\"428\" src=\"https:\/\/fundacionelencuentro.org\/co\/wp-content\/uploads\/2017\/05\/Recurso-13-100.jpg\" class=\"sow-slider-foreground-image skip-lazy\" alt=\"\" decoding=\"async\" loading=\"eager\" style=\"\" srcset=\"https:\/\/fundacionelencuentro.org\/co\/wp-content\/uploads\/2017\/05\/Recurso-13-100.jpg 641w, https:\/\/fundacionelencuentro.org\/co\/wp-content\/uploads\/2017\/05\/Recurso-13-100-300x200.jpg 300w, https:\/\/fundacionelencuentro.org\/co\/wp-content\/uploads\/2017\/05\/Recurso-13-100-600x400.jpg 600w, https:\/\/fundacionelencuentro.org\/co\/wp-content\/uploads\/2017\/05\/Recurso-13-100-380x254.jpg 380w, https:\/\/fundacionelencuentro.org\/co\/wp-content\/uploads\/2017\/05\/Recurso-13-100-272x182.jpg 272w\" sizes=\"(max-width: 641px) 100vw, 641px\" \/>\t\t\t\t\t<\/div>\n\t\t\t\t\t\t\t\t\t<\/div>\n\t\t\t<\/div>\n\t\t\t\t\t<\/li>\n\t\t\t\t<li class=\"sow-slider-image\" style=\"visibility: hidden;\" >\n\t\t\t\t\t\t<div class=\"sow-slider-image-container\">\n\t\t\t\t<div class=\"sow-slider-image-wrapper\" style=\"max-width: 641px\">\n\t\t\t\t\t\t\t\t\t\t<div class=\"sow-slider-image-foreground-wrapper\">\n\t\t\t\t\t\t<img width=\"641\" height=\"428\" src=\"https:\/\/fundacionelencuentro.org\/co\/wp-content\/uploads\/2017\/05\/Recurso-12-100.jpg\" class=\"sow-slider-foreground-image skip-lazy\" alt=\"\" decoding=\"async\" loading=\"eager\" style=\"\" srcset=\"https:\/\/fundacionelencuentro.org\/co\/wp-content\/uploads\/2017\/05\/Recurso-12-100.jpg 641w, https:\/\/fundacionelencuentro.org\/co\/wp-content\/uploads\/2017\/05\/Recurso-12-100-300x200.jpg 300w, https:\/\/fundacionelencuentro.org\/co\/wp-content\/uploads\/2017\/05\/Recurso-12-100-600x400.jpg 600w, https:\/\/fundacionelencuentro.org\/co\/wp-content\/uploads\/2017\/05\/Recurso-12-100-380x254.jpg 380w, https:\/\/fundacionelencuentro.org\/co\/wp-content\/uploads\/2017\/05\/Recurso-12-100-272x182.jpg 272w\" sizes=\"(max-width: 641px) 100vw, 641px\" \/>\t\t\t\t\t<\/div>\n\t\t\t\t\t\t\t\t\t<\/div>\n\t\t\t<\/div>\n\t\t\t\t\t<\/li>\n\t\t<\/ul>\t\t\t\t<ol class=\"sow-slider-pagination\">\n\t\t\t\t\t\t\t\t\t\t\t<li><a href=\"#\" data-goto=\"0\" aria-label=\"display slide 1\"><\/a><\/li>\n\t\t\t\t\t\t\t\t\t\t\t<li><a href=\"#\" data-goto=\"1\" aria-label=\"display slide 2\"><\/a><\/li>\n\t\t\t\t\t\t\t\t\t<\/ol>\n\n\t\t\t\t<div class=\"sow-slide-nav sow-slide-nav-next\">\n\t\t\t\t\t<a href=\"#\" data-goto=\"next\" aria-label=\"next slide\" data-action=\"next\">\n\t\t\t\t\t\t<em class=\"sow-sld-icon-ultra-thin-right\"><\/em>\n\t\t\t\t\t<\/a>\n\t\t\t\t<\/div>\n\n\t\t\t\t<div class=\"sow-slide-nav sow-slide-nav-prev\">\n\t\t\t\t\t<a href=\"#\" data-goto=\"previous\" aria-label=\"previous slide\" data-action=\"prev\">\n\t\t\t\t\t\t<em class=\"sow-sld-icon-ultra-thin-left\"><\/em>\n\t\t\t\t\t<\/a>\n\t\t\t\t<\/div>\n\t\t\t\t<\/div><\/div><\/div><\/div><\/div><\/div><\/div><\/div><\/div><\/div><div id=\"pg-12-2\"  class=\"panel-grid panel-has-style\" ><div class=\"siteorigin-panels-stretch panel-row-style panel-row-style-for-12-2\" data-stretch-type=\"full-stretched\" ><div id=\"pgc-12-2-0\"  class=\"panel-grid-cell\" ><div id=\"panel-12-2-0-0\" class=\"so-panel widget widget_siteorigin-panels-builder panel-first-child panel-last-child\" data-index=\"2\" ><div class=\"panel-widget-style panel-widget-style-for-12-2-0-0\" ><div id=\"pl-w5b8fef85ce7b3\"  class=\"panel-layout\" ><div id=\"pg-w5b8fef85ce7b3-0\"  class=\"panel-grid panel-has-style\" ><div class=\"siteorigin-panels-stretch panel-row-style panel-row-style-for-w5b8fef85ce7b3-0\" data-stretch-type=\"full\" ><div id=\"pgc-w5b8fef85ce7b3-0-0\"  class=\"panel-grid-cell\" ><div id=\"panel-w5b8fef85ce7b3-0-0-0\" class=\"so-panel widget widget_text panel-first-child panel-last-child\" data-index=\"0\" ><div class=\"panel-widget-style panel-widget-style-for-w5b8fef85ce7b3-0-0-0\" >\t\t\t<div class=\"textwidget\"><section id=\"tf-stat-225\" class=\"statistics \"  data-sp=\"80\" ><div class=\"statistics-inner\"><div class=\"stat\"  data-count=\"90\"><span class=\"\"><\/span><span class=\"number\"><\/span><span class=\"count-title\">Empleados Actuales<\/span><\/div><\/div><\/section>\n<\/div>\n\t\t<\/div><\/div><\/div><div id=\"pgc-w5b8fef85ce7b3-0-1\"  class=\"panel-grid-cell\" ><div id=\"panel-w5b8fef85ce7b3-0-1-0\" class=\"so-panel widget widget_text panel-first-child panel-last-child\" data-index=\"1\" ><div class=\"panel-widget-style panel-widget-style-for-w5b8fef85ce7b3-0-1-0\" >\t\t\t<div class=\"textwidget\"><section id=\"tf-stat-213\" class=\"statistics n1\"  data-sp=\"80\" ><div class=\"statistics-inner\"><div class=\"stat\"  data-count=\"240\"><span class=\"\"><\/span><span class=\"number\"><\/span><span class=\"count-title\">Voluntarios<\/span><\/div><\/div><\/section>\n<\/div>\n\t\t<\/div><\/div><\/div><\/div><\/div><\/div><\/div><\/div><\/div><\/div><\/div><div id=\"pg-12-3\"  class=\"panel-grid panel-has-style\" ><div class=\"panel-row-style panel-row-style-for-12-3\" ><div id=\"pgc-12-3-0\"  class=\"panel-grid-cell\" ><div id=\"panel-12-3-0-0\" class=\"so-panel widget widget_siteorigin-panels-builder panel-first-child panel-last-child\" data-index=\"3\" ><div class=\"panel-widget-style panel-widget-style-for-12-3-0-0\" ><div id=\"pl-w5956c2d3bae8c\"  class=\"panel-layout\" ><div id=\"pg-w5956c2d3bae8c-0\"  class=\"panel-grid panel-has-style\" ><div class=\"panel-row-style panel-row-style-for-w5956c2d3bae8c-0\" ><div id=\"pgc-w5956c2d3bae8c-0-0\"  class=\"panel-grid-cell\" ><div id=\"panel-w5956c2d3bae8c-0-0-0\" class=\"so-panel widget widget_sow-headline panel-first-child\" data-index=\"0\" ><div\n\t\t\t\n\t\t\tclass=\"so-widget-sow-headline so-widget-sow-headline-default-495f1694fc37\"\n\t\t\t\n\t\t><div class=\"sow-headline-container \">\n\t<h1 class='sow-headline'><h1 style=\"font-weight:300;font-size:35px\">Voluntariado<\/h1><\/h1><\/div>\n<\/div><\/div><div id=\"panel-w5956c2d3bae8c-0-0-1\" class=\"so-panel widget widget_sow-editor panel-last-child\" data-index=\"1\" ><div class=\"panel-widget-style panel-widget-style-for-w5956c2d3bae8c-0-0-1\" ><div\n\t\t\t\n\t\t\tclass=\"so-widget-sow-editor so-widget-sow-editor-base\"\n\t\t\t\n\t\t>\n<div class=\"siteorigin-widget-tinymce textwidget\">\n\t<div style=\"margin-bottom:10px;\">En la Fundaci\u00f3n Social El Encuentro usted podr\u00e1 hacer trabajo de voluntariado en las \u00e1reas de trabajo social y comunicaciones.<\/div>\n<div style=\"margin-bottom:10px;\">Tendr\u00e1s una experiencia de vida \u00fanica aportando a la transformaci\u00f3n de cientos de personas, a medida que haces parte de una cultura que promueve tu creatividad, esp\u00edritu emprendedor, capacidad de aprender, sentido de logro, siendo colaborador de diversos equipos.<\/div>\n<div style=\"margin-bottom:10px;\">Todos los candidatos requieren vocaci\u00f3n de servicio hacia la comunidad y una alta sensibilidad social, dotados de sentido humanitario, respetuoso, solidario.<\/div>\n<div style=\"margin-bottom:10px;\">Si est\u00e1 interesado en obtener m\u00e1s experiencia en comunicaciones y trabajo social en el sector ONG, esta es una excelente oportunidad de crecimiento profesional.<\/div>\n<p><em>*Todos los candidatos deben ser profesionales y mayores de edad.<\/em><\/p>\n<\/div>\n<\/div><\/div><\/div><\/div><div id=\"pgc-w5956c2d3bae8c-0-1\"  class=\"panel-grid-cell\" ><div id=\"panel-w5956c2d3bae8c-0-1-0\" class=\"so-panel widget widget_sow-slider panel-first-child panel-last-child\" data-index=\"2\" ><div\n\t\t\t\n\t\t\tclass=\"so-widget-sow-slider so-widget-sow-slider-default-53fd0f98de19\"\n\t\t\t\n\t\t>\t\t\t\t<div class=\"sow-slider-base\" style=\"display: none\">\n\t\t\t\t\t<ul\n\t\t\t\t\tclass=\"sow-slider-images\"\n\t\t\t\t\tdata-settings=\"{&quot;pagination&quot;:true,&quot;speed&quot;:800,&quot;timeout&quot;:8000,&quot;paused&quot;:false,&quot;pause_on_hover&quot;:false,&quot;swipe&quot;:true,&quot;nav_always_show_desktop&quot;:&quot;&quot;,&quot;nav_always_show_mobile&quot;:&quot;&quot;,&quot;breakpoint&quot;:&quot;780px&quot;,&quot;unmute&quot;:false,&quot;anchor&quot;:null}\"\n\t\t\t\t\t\t\t\t\t\tdata-anchor-id=\"\"\n\t\t\t\t>\t\t<li class=\"sow-slider-image\" style=\"visibility: visible;\" >\n\t\t\t\t\t\t<div class=\"sow-slider-image-container\">\n\t\t\t\t<div class=\"sow-slider-image-wrapper\" style=\"max-width: 514px\">\n\t\t\t\t\t\t\t\t\t\t<div class=\"sow-slider-image-foreground-wrapper\">\n\t\t\t\t\t\t<img width=\"514\" height=\"552\" src=\"https:\/\/fundacionelencuentro.org\/co\/wp-content\/uploads\/2017\/05\/vol4_1-100.jpg\" class=\"sow-slider-foreground-image skip-lazy\" alt=\"\" decoding=\"async\" loading=\"eager\" style=\"\" srcset=\"https:\/\/fundacionelencuentro.org\/co\/wp-content\/uploads\/2017\/05\/vol4_1-100.jpg 514w, https:\/\/fundacionelencuentro.org\/co\/wp-content\/uploads\/2017\/05\/vol4_1-100-279x300.jpg 279w\" sizes=\"(max-width: 514px) 100vw, 514px\" \/>\t\t\t\t\t<\/div>\n\t\t\t\t\t\t\t\t\t<\/div>\n\t\t\t<\/div>\n\t\t\t\t\t<\/li>\n\t\t\t\t<li class=\"sow-slider-image\" style=\"visibility: hidden;\" >\n\t\t\t\t\t\t<div class=\"sow-slider-image-container\">\n\t\t\t\t<div class=\"sow-slider-image-wrapper\" style=\"max-width: 516px\">\n\t\t\t\t\t\t\t\t\t\t<div class=\"sow-slider-image-foreground-wrapper\">\n\t\t\t\t\t\t<img width=\"516\" height=\"555\" src=\"https:\/\/fundacionelencuentro.org\/co\/wp-content\/uploads\/2017\/05\/vol3_1-100.jpg\" class=\"sow-slider-foreground-image skip-lazy\" alt=\"\" decoding=\"async\" loading=\"eager\" style=\"\" srcset=\"https:\/\/fundacionelencuentro.org\/co\/wp-content\/uploads\/2017\/05\/vol3_1-100.jpg 516w, https:\/\/fundacionelencuentro.org\/co\/wp-content\/uploads\/2017\/05\/vol3_1-100-279x300.jpg 279w\" sizes=\"(max-width: 516px) 100vw, 516px\" \/>\t\t\t\t\t<\/div>\n\t\t\t\t\t\t\t\t\t<\/div>\n\t\t\t<\/div>\n\t\t\t\t\t<\/li>\n\t\t\t\t<li class=\"sow-slider-image\" style=\"visibility: hidden;\" >\n\t\t\t\t\t\t<div class=\"sow-slider-image-container\">\n\t\t\t\t<div class=\"sow-slider-image-wrapper\" style=\"max-width: 517px\">\n\t\t\t\t\t\t\t\t\t\t<div class=\"sow-slider-image-foreground-wrapper\">\n\t\t\t\t\t\t<img width=\"517\" height=\"551\" src=\"https:\/\/fundacionelencuentro.org\/co\/wp-content\/uploads\/2017\/05\/vol1_1-100.jpg\" class=\"sow-slider-foreground-image skip-lazy\" alt=\"\" decoding=\"async\" loading=\"eager\" style=\"\" srcset=\"https:\/\/fundacionelencuentro.org\/co\/wp-content\/uploads\/2017\/05\/vol1_1-100.jpg 517w, https:\/\/fundacionelencuentro.org\/co\/wp-content\/uploads\/2017\/05\/vol1_1-100-281x300.jpg 281w\" sizes=\"(max-width: 517px) 100vw, 517px\" \/>\t\t\t\t\t<\/div>\n\t\t\t\t\t\t\t\t\t<\/div>\n\t\t\t<\/div>\n\t\t\t\t\t<\/li>\n\t\t<\/ul>\t\t\t\t<ol class=\"sow-slider-pagination\">\n\t\t\t\t\t\t\t\t\t\t\t<li><a href=\"#\" data-goto=\"0\" aria-label=\"display slide 1\"><\/a><\/li>\n\t\t\t\t\t\t\t\t\t\t\t<li><a href=\"#\" data-goto=\"1\" aria-label=\"display slide 2\"><\/a><\/li>\n\t\t\t\t\t\t\t\t\t\t\t<li><a href=\"#\" data-goto=\"2\" aria-label=\"display slide 3\"><\/a><\/li>\n\t\t\t\t\t\t\t\t\t<\/ol>\n\n\t\t\t\t<div class=\"sow-slide-nav sow-slide-nav-next\">\n\t\t\t\t\t<a href=\"#\" data-goto=\"next\" aria-label=\"next slide\" data-action=\"next\">\n\t\t\t\t\t\t<em class=\"sow-sld-icon-thin-right\"><\/em>\n\t\t\t\t\t<\/a>\n\t\t\t\t<\/div>\n\n\t\t\t\t<div class=\"sow-slide-nav sow-slide-nav-prev\">\n\t\t\t\t\t<a href=\"#\" data-goto=\"previous\" aria-label=\"previous slide\" data-action=\"prev\">\n\t\t\t\t\t\t<em class=\"sow-sld-icon-thin-left\"><\/em>\n\t\t\t\t\t<\/a>\n\t\t\t\t<\/div>\n\t\t\t\t<\/div><\/div><\/div><\/div><\/div><\/div><\/div><\/div><\/div><\/div><\/div><\/div><div id=\"pg-12-4\"  class=\"panel-grid panel-has-style\" ><div class=\"panel-row-style panel-row-style-for-12-4\" ><div id=\"pgc-12-4-0\"  class=\"panel-grid-cell\" ><div id=\"panel-12-4-0-0\" class=\"so-panel widget widget_siteorigin-panels-builder panel-first-child panel-last-child\" data-index=\"4\" ><div id=\"pl-w5956b6495d997\"  class=\"panel-layout\" ><div id=\"pg-w5956b6495d997-0\"  class=\"panel-grid panel-has-style\" ><div class=\"panel-row-style panel-row-style-for-w5956b6495d997-0\" ><div id=\"pgc-w5956b6495d997-0-0\"  class=\"panel-grid-cell\" ><div id=\"panel-w5956b6495d997-0-0-0\" class=\"so-panel widget widget_text panel-first-child panel-last-child\" data-index=\"0\" ><div class=\"panel-widget-style panel-widget-style-for-w5956b6495d997-0-0-0\" >\t\t\t<div class=\"textwidget\"><div id=\"accordions-1186\" class=\"accordions-1186 accordions\" accordionsdata={&quot;lazyLoad&quot;:false,&quot;id&quot;:&quot;1186&quot;,&quot;event&quot;:&quot;click&quot;,&quot;collapsible&quot;:&quot;true&quot;,&quot;heightStyle&quot;:&quot;content&quot;,&quot;animateStyle&quot;:&quot;swing&quot;,&quot;animateDelay&quot;:1000,&quot;navigation&quot;:true,&quot;active&quot;:999,&quot;expandedOther&quot;:&quot;no&quot;}>\r\n                    <div class=\"items\" >\r\n        \r\n                <div post_id=\"1186\" itemcount=\"0\"  header_id=\"header-0\" id=\"header-0\" style=\"\" class=\"accordions-head head0 border-none\" toggle-text=\"\" main-text=\"Intervenci\u00f3n Psicosocial (2)\">\r\n                                            <span id=\"accordion-icons-0\" class=\"accordion-icons\">\r\n                            <span class=\"accordion-icon-active accordion-plus\"><i class=\"fa fa-chevron-down\"><\/i><\/span>\r\n                            <span class=\"accordion-icon-inactive accordion-minus\"><i class=\"fa fa-chevron-up\"><\/i><\/span>\r\n                        <\/span>\r\n                        <span id=\"header-text-0\" class=\"accordions-head-title\">Intervenci\u00f3n Psicosocial (2)<\/span>\r\n                                    <\/div>\r\n                <div class=\"accordion-content content0 \">\r\n                    <h3><strong>Responsabilidades:<\/strong><\/h3>\n<ul>\n<li>Identificar poblaci\u00f3n vulnerable o v\u00edctima del conflicto; l\u00edderes naturales de la comunidad; organizaciones y procesos organizativos en la comunidad<\/li>\n<li>Realizar caracterizaci\u00f3n comunitaria seg\u00fan herramientas de FSEE y aportar en su mejoramiento cont\u00ednuo.<\/li>\n<li>Identificar necesidades de atenci\u00f3n psicosocial en la comunidad; proponer acciones de resiliencia y construcci\u00f3n de memoria hist\u00f3rica.<\/li>\n<li>Establecer v\u00ednculo de trabajo con las comunidades en proceso de fortalecimiento por parte \u00a0reparaci\u00f3n.<\/li>\n<li>Desarrollar y aplicar principios psicol\u00f3gicos, conocimientos, modelos y m\u00e9todos de forma \u00e9tica y cient\u00edfica, con el fin de promover el desarrollo, bienestar y eficacia de los individuos, grupos y comunidades.<\/li>\n<\/ul>\n<p>&nbsp;<\/p>\n<h3><strong>Competencias:<\/strong><\/h3>\n<ul>\n<li>Tener experiencia en el desarrollo de acciones en comunidad.<\/li>\n<li>Tener la habilidad para informar, orientar, asesorar y la capacidad de educar a la comunidad.<\/li>\n<li>Poseer buenas relaciones interpersonales y habilidades para trabajar en \u00a0equipo y con comunidad.<\/li>\n<li>Contar con capacidad de escucha, comunicaci\u00f3n adecuada, resoluci\u00f3n de conflictos, confidencialidad en la informaci\u00f3n.<\/li>\n<li>Informar de modo claro y preciso, respetar actitudes y creencias, apoyar acciones de promoci\u00f3n de la salud, capacidad y experiencia en actividades educativas (charlas, campa\u00f1as, entre otras).<\/li>\n<li>Compromiso m\u00ednimo de tres meses<\/li>\n<li>Compromiso m\u00ednimo de 8 horas\/semana<\/li>\n<\/ul>\n<p>&nbsp;<br \/>\nSi le interesa uno de los perfiles de voluntariado, por favor env\u00ede su hoja de vida a <a style=\"color: blue; text-dercoration: underline;\" href=\"mailto:gestionhumana@fundacionelencuentro.org\">gestionhumana@fundacionelencuentro.org<\/a><\/p>\n                <\/div>\r\n        \r\n                <div post_id=\"1186\" itemcount=\"1\"  header_id=\"header-1498165913890\" id=\"header-1498165913890\" style=\"\" class=\"accordions-head head1498165913890 border-none\" toggle-text=\"\" main-text=\"Pedagog\u00eda para la paz (4)\">\r\n                                            <span id=\"accordion-icons-1498165913890\" class=\"accordion-icons\">\r\n                            <span class=\"accordion-icon-active accordion-plus\"><i class=\"fa fa-chevron-down\"><\/i><\/span>\r\n                            <span class=\"accordion-icon-inactive accordion-minus\"><i class=\"fa fa-chevron-up\"><\/i><\/span>\r\n                        <\/span>\r\n                        <span id=\"header-text-1498165913890\" class=\"accordions-head-title\">Pedagog\u00eda para la paz (4)<\/span>\r\n                                    <\/div>\r\n                <div class=\"accordion-content content1498165913890 \">\r\n                    <h3><strong>Responsabilidades:<\/strong><\/h3>\n<ul>\n<li>Desarrollar procesos pedag\u00f3gicos en valores y habilidades para la convivencia pac\u00edfica a trav\u00e9s del juego, la l\u00fadica y la recreaci\u00f3n, ajustado a la metodolog\u00eda de FSEE<\/li>\n<li>Organizar encuentros recreativos, l\u00fadicos y deportivos en las comunidades que promuevan valores y habilidades para la convivencia pac\u00edfica.<\/li>\n<li>Promover escenarios de encuentro l\u00fadicos en los territorios donde la participaci\u00f3n de la comunidad se d\u00e9 en familia<\/li>\n<li>Hacer seguimiento a la participaci\u00f3n e impacto de la intervenci\u00f3n en los territorios<\/li>\n<li>Promover la conformaci\u00f3n de organizaciones de base, preferiblemente de j\u00f3venes, como multiplicadores de la propuesta metodol\u00f3gica de la FSEE<\/li>\n<\/ul>\n<p>&nbsp;<\/p>\n<h3><strong>Competencias:<\/strong><\/h3>\n<ul>\n<li>Poder resolver asertivamente conflictos de convivencia, a trav\u00e9s del di\u00e1logo, la negociaci\u00f3n y el ejemplo.<\/li>\n<li>Trabajar en equipo, liderar escenarios de convivencia, ser din\u00e1mico y creativo.<\/li>\n<li>Ver soluciones en medio de dificultades y ser recursivo ser\u00e1n elementos claves en el trabajo con las comunidades.<\/li>\n<li>Habilidades de comunicaci\u00f3n asertiva<\/li>\n<li>Experiencia comprobada en propuestas pedag\u00f3gicas, l\u00fadicas y recreativas o deportivas<\/li>\n<li>Compromiso m\u00ednimo de tres meses<\/li>\n<li>Compromiso m\u00ednimo de 8 horas\/semana<\/li>\n<\/ul>\n<p>&nbsp;<br \/>\nSi le interesa uno de los perfiles de voluntariado, por favor env\u00ede su hoja de vida a <a style=\"color: blue; text-dercoration: underline;\" href=\"mailto:gestionhumana@fundacionelencuentro.org\">gestionhumana@fundacionelencuentro.org<\/a><\/p>\n                <\/div>\r\n        \r\n                <div post_id=\"1186\" itemcount=\"2\"  header_id=\"header-1498167877451\" id=\"header-1498167877451\" style=\"\" class=\"accordions-head head1498167877451 border-none\" toggle-text=\"\" main-text=\"Mentor de Emprendimiento (2)\">\r\n                                            <span id=\"accordion-icons-1498167877451\" class=\"accordion-icons\">\r\n                            <span class=\"accordion-icon-active accordion-plus\"><i class=\"fa fa-chevron-down\"><\/i><\/span>\r\n                            <span class=\"accordion-icon-inactive accordion-minus\"><i class=\"fa fa-chevron-up\"><\/i><\/span>\r\n                        <\/span>\r\n                        <span id=\"header-text-1498167877451\" class=\"accordions-head-title\">Mentor de Emprendimiento (2)<\/span>\r\n                                    <\/div>\r\n                <div class=\"accordion-content content1498167877451 \">\r\n                    <h3><strong>Responsabilidades:<\/strong><\/h3>\n<ul>\n<li>Brindar consejer\u00eda y coaching en negocios generales uno a uno con emprendedores, nuevas empresas, empresas de inicio o negocios potenciales.<\/li>\n<li>Proveer orientaci\u00f3n y apoyo sobre temas espec\u00edficos tales como el inicio, planificaci\u00f3n, desarrollo y gesti\u00f3n de empresas, proyecciones financieras, mercadeo, administraci\u00f3n, tecnolog\u00eda y comunicaciones, seg\u00fan la experiencia del mentor.<\/li>\n<li>Realizar reportes peri\u00f3dicos de la labor realizada con los emprendedores y remitirlas al coordinador respectivo.<\/li>\n<\/ul>\n<p>&nbsp;<\/p>\n<h3><strong>Competencias:<\/strong><\/h3>\n<ul>\n<li>Tener conocimientos y habilidades para identificar, motivar y promover el esp\u00edritu emprendedor en las comunidades<\/li>\n<li>Ser un motivador por excelencia, respetuoso, atento y persistente.<\/li>\n<li>Mostrar calidez y amabilidad en el trato con el emprendedor y su familia.<\/li>\n<li>Tener por lo menos 2 a\u00f1os de experiencia en negocios propios y \/ o 3 a\u00f1os de experiencia en administraci\u00f3n de negocios con amplio conocimiento en los aspectos de la creaci\u00f3n, gesti\u00f3n y emprendimiento de peque\u00f1as empresas.<\/li>\n<li>Capacidad de relacionamiento, diagn\u00f3stico y asesoramiento de emprendedores con bajos recursos, y aquellos clientes con poco o ninguna experiencia en negocios.<\/li>\n<\/ul>\n<p>&nbsp;<br \/>\nSi le interesa uno de los perfiles de voluntariado, por favor env\u00ede su hoja de vida a <a style=\"color: blue; text-dercoration: underline;\" href=\"mailto:gestionhumana@fundacionelencuentro.org\">gestionhumana@fundacionelencuentro.org<\/a><\/p>\n                <\/div>\r\n            <\/div>\r\n\r\n\r\n    \r\n                <\/div>\n<\/div>\n\t\t<\/div><\/div><\/div><div id=\"pgc-w5956b6495d997-0-1\"  class=\"panel-grid-cell\" ><div id=\"panel-w5956b6495d997-0-1-0\" class=\"so-panel widget widget_text panel-first-child panel-last-child\" data-index=\"1\" ><div class=\"panel-widget-style panel-widget-style-for-w5956b6495d997-0-1-0\" >\t\t\t<div class=\"textwidget\"><div id=\"accordions-1225\" class=\"accordions-1225 accordions\" accordionsdata={&quot;lazyLoad&quot;:false,&quot;id&quot;:&quot;1225&quot;,&quot;event&quot;:&quot;click&quot;,&quot;collapsible&quot;:&quot;true&quot;,&quot;heightStyle&quot;:&quot;content&quot;,&quot;animateStyle&quot;:&quot;swing&quot;,&quot;animateDelay&quot;:1000,&quot;navigation&quot;:true,&quot;active&quot;:999,&quot;expandedOther&quot;:&quot;no&quot;}>\r\n                    <div class=\"items\" >\r\n        \r\n                <div post_id=\"1225\" itemcount=\"0\"  header_id=\"header-0\" id=\"header-0\" style=\"\" class=\"accordions-head head0 border-none\" toggle-text=\"\" main-text=\"Comunicaci\u00f3n (2)\">\r\n                                            <span id=\"accordion-icons-0\" class=\"accordion-icons\">\r\n                            <span class=\"accordion-icon-active accordion-plus\"><i class=\"fa fa-chevron-down\"><\/i><\/span>\r\n                            <span class=\"accordion-icon-inactive accordion-minus\"><i class=\"fa fa-chevron-up\"><\/i><\/span>\r\n                        <\/span>\r\n                        <span id=\"header-text-0\" class=\"accordions-head-title\">Comunicaci\u00f3n (2)<\/span>\r\n                                    <\/div>\r\n                <div class=\"accordion-content content0 \">\r\n                    <h3><strong>Responsabilidades:<\/strong><\/h3>\n<ul>\n<li style=\"font-weight: 400;\"><span style=\"font-weight: 400;\">Trabajar con miembros del equipo de comunicaciones en la generaci\u00f3n de contenidos para la p\u00e1gina web y redes sociales (Facebook y LinkedIn)<\/span><\/li>\n<li style=\"font-weight: 400;\"><span style=\"font-weight: 400;\">Desarrollar, editar y publicar en medios de comunicaci\u00f3n corporativos, como boletines informativos, volantes, folletos, publicaciones en el blog, informes, hojas informativas e historias de \u00e9xito.<\/span><\/li>\n<li style=\"font-weight: 400;\"><span style=\"font-weight: 400;\">Apoyar en el dise\u00f1o y mantenimiento de la p\u00e1gina web de FSE<\/span><\/li>\n<li style=\"font-weight: 400;\"><span style=\"font-weight: 400;\">Asegurar los est\u00e1ndares de marca, como el uso de fotos, texto y logo, para garantizar la coherencia en la mensajer\u00eda de FSE.<\/span><\/li>\n<li style=\"font-weight: 400;\"><span style=\"font-weight: 400;\">Mantener bases de datos organizacionales e implementar nuevas ideas para mejorar las comunicaciones internas, la sistematizaci\u00f3n y consolidaci\u00f3n de informaci\u00f3n institucional.<\/span><\/li>\n<li style=\"font-weight: 400;\"><span style=\"font-weight: 400;\">Apoyar a las comunidades organizadas que intervine FSE en el desarrollo de estrategias de comunicaci\u00f3n para difundir sus procesos y productos alcanzados.<\/span><\/li>\n<\/ul>\n<p>&nbsp;<\/p>\n<h3><strong>Competencias:<\/strong><\/h3>\n<ul>\n<li style=\"font-weight: 400;\"><span style=\"font-weight: 400;\">Pensador creativo con probada experiencia de poner en pr\u00e1ctica nuevas ideas.<\/span><\/li>\n<li style=\"font-weight: 400;\"><span style=\"font-weight: 400;\">Experiencia con la gesti\u00f3n de plataformas de redes sociales como Facebook y LinkedIn<\/span><\/li>\n<li style=\"font-weight: 400;\"><span style=\"font-weight: 400;\">Habilidades excepcionales de organizaci\u00f3n, comunicaci\u00f3n y planeaci\u00f3n.<\/span><\/li>\n<li style=\"font-weight: 400;\"><span style=\"font-weight: 400;\">Manejo de herramientas de ofim\u00e1tica: Word, Excel, PowerPoint.<\/span><\/li>\n<li style=\"font-weight: 400;\"><span style=\"font-weight: 400;\">Conocimientos b\u00e1sicos en Suite Adobe (preferiblemente)<\/span><\/li>\n<li style=\"font-weight: 400;\"><span style=\"font-weight: 400;\">Compromiso m\u00ednimo de tres meses<\/span><\/li>\n<li style=\"font-weight: 400;\"><span style=\"font-weight: 400;\">Compromiso m\u00ednimo de 16 horas\/semana<\/span><\/li>\n<\/ul>\n<p>&nbsp;<br \/>\nSi le interesa uno de los perfiles de voluntariado, por favor env\u00ede su hoja de vida a <a style=\"color: blue; text-dercoration: underline;\" href=\"mailto:gestionhumana@fundacionelencuentro.org\">gestionhumana@fundacionelencuentro.org<\/a><\/p>\n                <\/div>\r\n        \r\n                <div post_id=\"1225\" itemcount=\"1\"  header_id=\"header-1498247824990\" id=\"header-1498247824990\" style=\"\" class=\"accordions-head head1498247824990 border-none\" toggle-text=\"\" main-text=\"Fot\u00f3grafo\">\r\n                                            <span id=\"accordion-icons-1498247824990\" class=\"accordion-icons\">\r\n                            <span class=\"accordion-icon-active accordion-plus\"><i class=\"fa fa-chevron-down\"><\/i><\/span>\r\n                            <span class=\"accordion-icon-inactive accordion-minus\"><i class=\"fa fa-chevron-up\"><\/i><\/span>\r\n                        <\/span>\r\n                        <span id=\"header-text-1498247824990\" class=\"accordions-head-title\">Fot\u00f3grafo<\/span>\r\n                                    <\/div>\r\n                <div class=\"accordion-content content1498247824990 \">\r\n                    <h3><strong>Responsabilidades:<\/strong><\/h3>\n<ul style=\"margin-bottom:30px;\">\n<li style=\"font-weight: 400;\"><span style=\"font-weight: 400;\">Proporcionar im\u00e1genes y videos de grado profesional de:<\/span>\n<ul>\n<li style=\"font-weight: 400;\"><span style=\"font-weight: 400;\">Miembros de las comunidades<\/span><\/li>\n<li style=\"font-weight: 400;\"><span style=\"font-weight: 400;\">Conferencias<\/span><\/li>\n<li style=\"font-weight: 400;\"><span style=\"font-weight: 400;\">Talleres y jornadas de impacto<\/span><\/li>\n<li style=\"font-weight: 400;\"><span style=\"font-weight: 400;\">Emprendimientos<\/span><\/li>\n<\/ul>\n<\/li>\n<\/ul>\n<h3><strong>Competencias:<\/strong><\/h3>\n<ul>\n<li style=\"font-weight: 400;\"><span style=\"font-weight: 400;\">Habilidades avanzadas de fotograf\u00eda<\/span><\/li>\n<li style=\"font-weight: 400;\"><span style=\"font-weight: 400;\">Experiencia en fotograf\u00eda social y\/o de eventos<\/span><\/li>\n<li style=\"font-weight: 400;\"><span style=\"font-weight: 400;\">Producir im\u00e1genes de alta calidad para materiales promocionales<\/span><\/li>\n<li style=\"font-weight: 400;\"><span style=\"font-weight: 400;\">Confianza, capacidad y experiencia en manejo de grupos.<\/span><\/li>\n<li style=\"font-weight: 400;\"><span style=\"font-weight: 400;\">Capacidad de trabajar de forma aut\u00f3noma<\/span><\/li>\n<li style=\"font-weight: 400;\"><span style=\"font-weight: 400;\">Habilidades b\u00e1sicas en sistemas, incluyendo transferencias de archivos y formatos.<\/span><\/li>\n<li style=\"font-weight: 400;\"><span style=\"font-weight: 400;\">Debe proporcionar un portafolio<\/span><\/li>\n<li style=\"font-weight: 400;\"><span style=\"font-weight: 400;\">Debe contar con equipo fotogr\u00e1fico propio.<\/span><\/li>\n<\/ul>\n<p><span style=\"font-weight: 400;\">*El voluntariado de fotograf\u00eda estar\u00e1 disponible seg\u00fan la demanda y necesidad.<\/span><br \/>\n<br \/>\nSi le interesa uno de los perfiles de voluntariado, por favor env\u00ede su hoja de vida a <a style=\"color: blue; text-dercoration: underline;\" href=\"mailto:gestionhumana@fundacionelencuentro.org\">gestionhumana@fundacionelencuentro.org<\/a><\/p>\n                <\/div>\r\n            <\/div>\r\n\r\n\r\n    \r\n                <\/div>\n<\/div>\n\t\t<\/div><\/div><\/div><\/div><\/div><\/div><\/div><\/div><\/div><\/div><\/div>","protected":false},"excerpt":{"rendered":"<p>Trabaje Con Nosotros Trabajos Actuales Buscamos a profesionales dispuestos a impactar positiva-mente su ciudad, con pasi\u00f3n por lo social, gusto por aprender constantemente, creatividad e iniciativa. Para mayor informaci\u00f3n de oportunidades laborales o de voluntariado por favor escr\u00edbanos al correo gestionhumana@fundacionelencuentro.org *Todos los candidatos deben ser profesionales y mayores de edad. Empleados Actuales Voluntarios Voluntariado&#8230;<\/p>\n<p class=\"more-link\"><a href=\"https:\/\/fundacionelencuentro.org\/co\/unase\/\"><span>Read More<\/span><i>&#43;<\/i><\/a><\/p>\n<div class='heateorSssClear'><\/div><div  class='heateor_sss_sharing_container heateor_sss_horizontal_sharing' data-heateor-sss-href='https:\/\/fundacionelencuentro.org\/co\/unase\/'><div class='heateor_sss_sharing_title' style=\"font-weight:bold\" ><\/div><div class=\"heateor_sss_sharing_ul\"><a aria-label=\"Linkedin Share\" style=\"padding:7.35px 0!important;margin-top:-2px!important;\" class=\"heateor_sss_linkedin_share\"><script src=\"\/\/platform.linkedin.com\/in.js\" type=\"text\/javascript\">lang: es_ES<\/script><script type=\"IN\/Share\" data-url=\"https:\/\/fundacionelencuentro.org\/co\/unase\/\" data-counter=\"right\"><\/script><\/a><\/div><div class=\"heateorSssClear\"><\/div><\/div><div class='heateorSssClear'><\/div>","protected":false},"author":1,"featured_media":0,"parent":0,"menu_order":0,"comment_status":"closed","ping_status":"closed","template":"","meta":{"_exactmetrics_skip_tracking":false,"_exactmetrics_sitenote_active":false,"_exactmetrics_sitenote_note":"","_exactmetrics_sitenote_category":0},"_links":{"self":[{"href":"https:\/\/fundacionelencuentro.org\/co\/wp-json\/wp\/v2\/pages\/12"}],"collection":[{"href":"https:\/\/fundacionelencuentro.org\/co\/wp-json\/wp\/v2\/pages"}],"about":[{"href":"https:\/\/fundacionelencuentro.org\/co\/wp-json\/wp\/v2\/types\/page"}],"author":[{"embeddable":true,"href":"https:\/\/fundacionelencuentro.org\/co\/wp-json\/wp\/v2\/users\/1"}],"replies":[{"embeddable":true,"href":"https:\/\/fundacionelencuentro.org\/co\/wp-json\/wp\/v2\/comments?post=12"}],"version-history":[{"count":5,"href":"https:\/\/fundacionelencuentro.org\/co\/wp-json\/wp\/v2\/pages\/12\/revisions"}],"predecessor-version":[{"id":2446,"href":"https:\/\/fundacionelencuentro.org\/co\/wp-json\/wp\/v2\/pages\/12\/revisions\/2446"}],"wp:attachment":[{"href":"https:\/\/fundacionelencuentro.org\/co\/wp-json\/wp\/v2\/media?parent=12"}],"curies":[{"name":"wp","href":"https:\/\/api.w.org\/{rel}","templated":true}]}}