{"id":2,"date":"2017-05-16T16:04:36","date_gmt":"2017-05-16T16:04:36","guid":{"rendered":"http:\/\/fundacionelencuentro.org\/co\/?page_id=2"},"modified":"2017-09-15T07:42:51","modified_gmt":"2017-09-15T12:42:51","slug":"paz","status":"publish","type":"page","link":"https:\/\/fundacionelencuentro.org\/co\/paz\/","title":{"rendered":"Paz"},"content":{"rendered":"<div id=\"pl-2\"  class=\"panel-layout\" ><div id=\"pg-2-0\"  class=\"panel-grid panel-has-style\" ><div class=\"siteorigin-panels-stretch panel-row-style panel-row-style-for-2-0\" data-stretch-type=\"full-stretched\" ><div id=\"pgc-2-0-0\"  class=\"panel-grid-cell\" ><div id=\"panel-2-0-0-0\" class=\"so-panel widget widget_sow-image panel-first-child panel-last-child\" data-index=\"0\" ><div data-so-animation=\"{&quot;animation&quot;:&quot;pulse&quot;,&quot;duration&quot;:1,&quot;hide&quot;:0,&quot;delay&quot;:3,&quot;event&quot;:&quot;enter&quot;,&quot;offset&quot;:0}\" class=\"panel-widget-style panel-widget-style-for-2-0-0-0\" ><div\n\t\t\t\n\t\t\tclass=\"so-widget-sow-image so-widget-sow-image-default-c67d20f9f743-2\"\n\t\t\t\n\t\t>\n\n<div class=\"sow-image-container\">\n\t\t<img src=\"https:\/\/fundacionelencuentro.org\/co\/wp-content\/uploads\/2017\/05\/paz3.png\" width=\"317\" height=\"317\" srcset=\"https:\/\/fundacionelencuentro.org\/co\/wp-content\/uploads\/2017\/05\/paz3.png 317w, https:\/\/fundacionelencuentro.org\/co\/wp-content\/uploads\/2017\/05\/paz3-150x150.png 150w, https:\/\/fundacionelencuentro.org\/co\/wp-content\/uploads\/2017\/05\/paz3-300x300.png 300w\" sizes=\"(max-width: 317px) 100vw, 317px\" alt=\"Proyecto de paz\" loading=\"lazy\" \t\tclass=\"so-widget-image\"\/>\n\t<\/div>\n\n<\/div><\/div><\/div><\/div><div id=\"pgc-2-0-1\"  class=\"panel-grid-cell\" ><div id=\"panel-2-0-1-0\" class=\"so-panel widget widget_siteorigin-panels-builder panel-first-child panel-last-child\" data-index=\"1\" ><div class=\"panels-animation-hide panel-widget-style panel-widget-style-for-2-0-1-0\" data-so-animation=\"{&quot;animation&quot;:&quot;fadeInRight&quot;,&quot;duration&quot;:2,&quot;hide&quot;:1,&quot;delay&quot;:2,&quot;event&quot;:&quot;enter&quot;,&quot;offset&quot;:0}\" ><div id=\"pl-w59596e376f33a\"  class=\"panel-layout\" ><div id=\"pg-w59596e376f33a-0\"  class=\"panel-grid panel-has-style\" ><div class=\"panel-row-style panel-row-style-for-w59596e376f33a-0\" ><div id=\"pgc-w59596e376f33a-0-0\"  class=\"panel-grid-cell\" ><div id=\"panel-w59596e376f33a-0-0-0\" class=\"so-panel widget widget_sow-headline panel-first-child\" data-index=\"0\" ><div class=\"panel-widget-style panel-widget-style-for-w59596e376f33a-0-0-0\" ><div\n\t\t\t\n\t\t\tclass=\"so-widget-sow-headline so-widget-sow-headline-default-ccf75c458bcd so-widget-fittext-wrapper\"\n\t\t\t data-fit-text-compressor=\"0.85\"\n\t\t><div class=\"sow-headline-container \">\n\t<h1 class='sow-headline'><h1 style=\"font-size:50px;margin-bottom:0;color:white;text-align:center;font-weight:600\">El Encuentro Con La Paz<\/h1><\/h1><\/div>\n<\/div><\/div><\/div><div id=\"panel-w59596e376f33a-0-0-1\" class=\"so-panel widget widget_text panel-last-child\" data-index=\"1\" ><div class=\"panel-widget-style panel-widget-style-for-w59596e376f33a-0-0-1\" >\t\t\t<div class=\"textwidget\"><p style=\"font-weight: 500; line-height: 1.3; color: white; text-align: center; margin-top: 25px; padding: 10px 20px; background: rgba(110, 209, 40, 0.8);\">Unimos y equipamos a comunidades para afrontar las dif\u00edciles realidades del posconflicto colombiano de pobreza, violencia e indiferencia, a trav\u00e9s del impulso y acompa\u00f1amiento de colectivos y emprendedores locales hacia su desarrollo sostenible y pac\u00edfico.<\/p>\n<\/div>\n\t\t<\/div><\/div><\/div><\/div><\/div><\/div><\/div><\/div><\/div><\/div><\/div><div id=\"pg-2-1\"  class=\"panel-grid panel-no-style\" ><div id=\"pgc-2-1-0\"  class=\"panel-grid-cell\" ><div id=\"panel-2-1-0-0\" class=\"so-panel widget widget_sow-image panel-first-child\" data-index=\"2\" ><div class=\"panel-widget-style panel-widget-style-for-2-1-0-0\" ><div\n\t\t\t\n\t\t\tclass=\"so-widget-sow-image so-widget-sow-image-default-c67d20f9f743-2\"\n\t\t\t\n\t\t>\n\n<div class=\"sow-image-container\">\n\t\t<img src=\"https:\/\/fundacionelencuentro.org\/co\/wp-content\/uploads\/2017\/05\/titulo2.png\" width=\"799\" height=\"85\" srcset=\"https:\/\/fundacionelencuentro.org\/co\/wp-content\/uploads\/2017\/05\/titulo2.png 799w, https:\/\/fundacionelencuentro.org\/co\/wp-content\/uploads\/2017\/05\/titulo2-300x32.png 300w, https:\/\/fundacionelencuentro.org\/co\/wp-content\/uploads\/2017\/05\/titulo2-768x82.png 768w\" sizes=\"(max-width: 799px) 100vw, 799px\" alt=\"\" loading=\"lazy\" \t\tclass=\"so-widget-image\"\/>\n\t<\/div>\n\n<\/div><\/div><\/div><div id=\"panel-2-1-0-1\" class=\"so-panel widget widget_sow-editor panel-last-child\" data-index=\"3\" ><div\n\t\t\t\n\t\t\tclass=\"so-widget-sow-editor so-widget-sow-editor-base\"\n\t\t\t\n\t\t>\n<div class=\"siteorigin-widget-tinymce textwidget\">\n\t<div><\/div>\n<\/div>\n<\/div><\/div><\/div><\/div><div id=\"pg-2-2\"  class=\"panel-grid panel-has-style\" ><div class=\"siteorigin-panels-stretch panel-row-style panel-row-style-for-2-2\" data-stretch-type=\"full-stretched\" ><div id=\"pgc-2-2-0\"  class=\"panel-grid-cell\" ><div id=\"panel-2-2-0-0\" class=\"so-panel widget widget_sow-image panel-first-child panel-last-child\" data-index=\"4\" ><div class=\"panels-animation-hide panel-widget-style panel-widget-style-for-2-2-0-0\" data-so-animation=\"{&quot;animation&quot;:&quot;fadeInLeft&quot;,&quot;duration&quot;:1.5,&quot;hide&quot;:1,&quot;delay&quot;:0,&quot;event&quot;:&quot;enter&quot;,&quot;offset&quot;:0}\" ><div\n\t\t\t\n\t\t\tclass=\"so-widget-sow-image so-widget-sow-image-default-c67d20f9f743-2\"\n\t\t\t\n\t\t>\n\n<div class=\"sow-image-container\">\n\t\t<img src=\"https:\/\/fundacionelencuentro.org\/co\/wp-content\/uploads\/2017\/05\/ni\u00f1a2-100.jpg\" width=\"642\" height=\"422\" srcset=\"https:\/\/fundacionelencuentro.org\/co\/wp-content\/uploads\/2017\/05\/ni\u00f1a2-100.jpg 642w, https:\/\/fundacionelencuentro.org\/co\/wp-content\/uploads\/2017\/05\/ni\u00f1a2-100-300x197.jpg 300w\" sizes=\"(max-width: 642px) 100vw, 642px\" alt=\"\" loading=\"lazy\" \t\tclass=\"so-widget-image\"\/>\n\t<\/div>\n\n<\/div><\/div><\/div><\/div><div id=\"pgc-2-2-1\"  class=\"panel-grid-cell\" ><div id=\"panel-2-2-1-0\" class=\"so-panel widget widget_sow-image panel-first-child panel-last-child\" data-index=\"5\" ><div class=\"panels-animation-hide panel-widget-style panel-widget-style-for-2-2-1-0\" data-so-animation=\"{&quot;animation&quot;:&quot;fadeInUp&quot;,&quot;duration&quot;:1.5,&quot;hide&quot;:1,&quot;delay&quot;:0,&quot;event&quot;:&quot;enter&quot;,&quot;offset&quot;:0}\" ><div\n\t\t\t\n\t\t\tclass=\"so-widget-sow-image so-widget-sow-image-default-c67d20f9f743-2\"\n\t\t\t\n\t\t>\n\n<div class=\"sow-image-container\">\n\t\t<img src=\"https:\/\/fundacionelencuentro.org\/co\/wp-content\/uploads\/2017\/05\/Recurso-2-100.jpg\" width=\"641\" height=\"421\" srcset=\"https:\/\/fundacionelencuentro.org\/co\/wp-content\/uploads\/2017\/05\/Recurso-2-100.jpg 641w, https:\/\/fundacionelencuentro.org\/co\/wp-content\/uploads\/2017\/05\/Recurso-2-100-300x197.jpg 300w\" sizes=\"(max-width: 641px) 100vw, 641px\" title=\"Recurso 2-100\" alt=\"\" loading=\"lazy\" \t\tclass=\"so-widget-image\"\/>\n\t<\/div>\n\n<\/div><\/div><\/div><\/div><div id=\"pgc-2-2-2\"  class=\"panel-grid-cell\" ><div id=\"panel-2-2-2-0\" class=\"so-panel widget widget_sow-image panel-first-child panel-last-child\" data-index=\"6\" ><div class=\"panels-animation-hide panel-widget-style panel-widget-style-for-2-2-2-0\" data-so-animation=\"{&quot;animation&quot;:&quot;fadeInRight&quot;,&quot;duration&quot;:1.5,&quot;hide&quot;:1,&quot;delay&quot;:0,&quot;event&quot;:&quot;enter&quot;,&quot;offset&quot;:0}\" ><div\n\t\t\t\n\t\t\tclass=\"so-widget-sow-image so-widget-sow-image-default-c67d20f9f743-2\"\n\t\t\t\n\t\t>\n\n<div class=\"sow-image-container\">\n\t\t<img src=\"https:\/\/fundacionelencuentro.org\/co\/wp-content\/uploads\/2017\/05\/flor-100.jpg\" width=\"641\" height=\"421\" srcset=\"https:\/\/fundacionelencuentro.org\/co\/wp-content\/uploads\/2017\/05\/flor-100.jpg 641w, https:\/\/fundacionelencuentro.org\/co\/wp-content\/uploads\/2017\/05\/flor-100-300x197.jpg 300w\" sizes=\"(max-width: 641px) 100vw, 641px\" alt=\"\" loading=\"lazy\" \t\tclass=\"so-widget-image\"\/>\n\t<\/div>\n\n<\/div><\/div><\/div><\/div><\/div><\/div><div id=\"pg-2-3\"  class=\"panel-grid panel-has-style\" ><div class=\"panel-row-style panel-row-style-for-2-3\" ><div id=\"pgc-2-3-0\"  class=\"panel-grid-cell\" ><div id=\"panel-2-3-0-0\" class=\"so-panel widget widget_sow-image panel-first-child\" data-index=\"7\" ><div class=\"panel-widget-style panel-widget-style-for-2-3-0-0\" ><div\n\t\t\t\n\t\t\tclass=\"so-widget-sow-image so-widget-sow-image-default-c67d20f9f743-2\"\n\t\t\t\n\t\t>\n\n<div class=\"sow-image-container\">\n\t\t<img src=\"https:\/\/fundacionelencuentro.org\/co\/wp-content\/uploads\/2017\/05\/titulo1.png\" width=\"799\" height=\"85\" srcset=\"https:\/\/fundacionelencuentro.org\/co\/wp-content\/uploads\/2017\/05\/titulo1.png 799w, https:\/\/fundacionelencuentro.org\/co\/wp-content\/uploads\/2017\/05\/titulo1-300x32.png 300w, https:\/\/fundacionelencuentro.org\/co\/wp-content\/uploads\/2017\/05\/titulo1-768x82.png 768w\" sizes=\"(max-width: 799px) 100vw, 799px\" alt=\"\" loading=\"lazy\" \t\tclass=\"so-widget-image\"\/>\n\t<\/div>\n\n<\/div><\/div><\/div><div id=\"panel-2-3-0-1\" class=\"so-panel widget widget_sow-editor panel-last-child\" data-index=\"8\" ><div\n\t\t\t\n\t\t\tclass=\"so-widget-sow-editor so-widget-sow-editor-base\"\n\t\t\t\n\t\t>\n<div class=\"siteorigin-widget-tinymce textwidget\">\n\t<div><\/div>\n<\/div>\n<\/div><\/div><\/div><\/div><\/div><\/div>","protected":false},"excerpt":{"rendered":"<p>El Encuentro Con La Paz Unimos y equipamos a comunidades para afrontar las dif\u00edciles realidades del posconflicto colombiano de pobreza, violencia e indiferencia, a trav\u00e9s del impulso y acompa\u00f1amiento de colectivos y emprendedores locales hacia su desarrollo sostenible y pac\u00edfico.<\/p>\n<div class='heateorSssClear'><\/div><div  class='heateor_sss_sharing_container heateor_sss_horizontal_sharing' data-heateor-sss-href='https:\/\/fundacionelencuentro.org\/co\/paz\/'><div class='heateor_sss_sharing_title' style=\"font-weight:bold\" ><\/div><div class=\"heateor_sss_sharing_ul\"><a aria-label=\"Linkedin Share\" style=\"padding:7.35px 0!important;margin-top:-2px!important;\" class=\"heateor_sss_linkedin_share\"><script src=\"\/\/platform.linkedin.com\/in.js\" type=\"text\/javascript\">lang: es_ES<\/script><script type=\"IN\/Share\" data-url=\"https:\/\/fundacionelencuentro.org\/co\/paz\/\" data-counter=\"right\"><\/script><\/a><\/div><div class=\"heateorSssClear\"><\/div><\/div><div class='heateorSssClear'><\/div>","protected":false},"author":1,"featured_media":0,"parent":0,"menu_order":0,"comment_status":"closed","ping_status":"closed","template":"","meta":{"_exactmetrics_skip_tracking":false,"_exactmetrics_sitenote_active":false,"_exactmetrics_sitenote_note":"","_exactmetrics_sitenote_category":0},"_links":{"self":[{"href":"https:\/\/fundacionelencuentro.org\/co\/wp-json\/wp\/v2\/pages\/2"}],"collection":[{"href":"https:\/\/fundacionelencuentro.org\/co\/wp-json\/wp\/v2\/pages"}],"about":[{"href":"https:\/\/fundacionelencuentro.org\/co\/wp-json\/wp\/v2\/types\/page"}],"author":[{"embeddable":true,"href":"https:\/\/fundacionelencuentro.org\/co\/wp-json\/wp\/v2\/users\/1"}],"replies":[{"embeddable":true,"href":"https:\/\/fundacionelencuentro.org\/co\/wp-json\/wp\/v2\/comments?post=2"}],"version-history":[{"count":0,"href":"https:\/\/fundacionelencuentro.org\/co\/wp-json\/wp\/v2\/pages\/2\/revisions"}],"wp:attachment":[{"href":"https:\/\/fundacionelencuentro.org\/co\/wp-json\/wp\/v2\/media?parent=2"}],"curies":[{"name":"wp","href":"https:\/\/api.w.org\/{rel}","templated":true}]}}