{"id":2588,"date":"2021-11-24T10:04:13","date_gmt":"2021-11-24T15:04:13","guid":{"rendered":"http:\/\/fundacionelencuentro.org\/co\/?page_id=2588"},"modified":"2022-03-30T19:06:23","modified_gmt":"2022-03-31T00:06:23","slug":"transparencia-rte","status":"publish","type":"page","link":"https:\/\/fundacionelencuentro.org\/co\/transparencia-rte\/","title":{"rendered":"Transparencia RTE"},"content":{"rendered":"<div id=\"pl-2588\"  class=\"panel-layout\" ><div id=\"pg-2588-0\"  class=\"panel-grid panel-has-style\" ><div class=\"panel-row-style panel-row-style-for-2588-0\" ><div id=\"pgc-2588-0-0\"  class=\"panel-grid-cell\" ><div id=\"panel-2588-0-0-0\" class=\"so-panel widget widget_siteorigin-panels-builder panel-first-child\" data-index=\"0\" ><div id=\"pl-w619e55ffbbd95\"  class=\"panel-layout\" ><div id=\"pg-w619e55ffbbd95-0\"  class=\"panel-grid panel-no-style\" ><div id=\"pgc-w619e55ffbbd95-0-0\"  class=\"panel-grid-cell\" ><div id=\"panel-w619e55ffbbd95-0-0-0\" class=\"so-panel widget widget_sow-editor panel-first-child panel-last-child\" data-index=\"0\" ><div\n\t\t\t\n\t\t\tclass=\"so-widget-sow-editor so-widget-sow-editor-base\"\n\t\t\t\n\t\t>\n<div class=\"siteorigin-widget-tinymce textwidget\">\n\t<h1 style=\"font-weight:700; font-size:45px; margin-bottom:0; text-align:center;\">Transparencia RTE<\/h1>\n<\/div>\n<\/div><\/div><\/div><div id=\"pgc-w619e55ffbbd95-0-1\"  class=\"panel-grid-cell\" ><div id=\"panel-w619e55ffbbd95-0-1-0\" class=\"so-panel widget widget_sow-editor panel-first-child panel-last-child\" data-index=\"1\" ><div\n\t\t\t\n\t\t\tclass=\"so-widget-sow-editor so-widget-sow-editor-base\"\n\t\t\t\n\t\t>\n<div class=\"siteorigin-widget-tinymce textwidget\">\n\t<p style=\"font-weight: 400; font-size: 22px; color: black;\">Lista de publicaci\u00f3n con art\u00edculo 364-5 par\u00e1grafo 4, publicamos informaci\u00f3n de nuestra entidad:<\/p>\n<\/div>\n<\/div><\/div><\/div><\/div><\/div><\/div><div id=\"panel-2588-0-0-1\" class=\"so-panel widget widget_sow-editor panel-last-child\" data-index=\"1\" ><div\n\t\t\t\n\t\t\tclass=\"so-widget-sow-editor so-widget-sow-editor-base\"\n\t\t\t\n\t\t>\n<div class=\"siteorigin-widget-tinymce textwidget\">\n\t<ol class=\"documentos\">\n<li><a href=\"http:\/\/fundacionelencuentro.org\/co\/wp-content\/uploads\/2021\/11\/1.-Denominacio\u0301n-dentificacio\u0301n-y-domicilio-de-la-entidad.pdf\" target=\"_blank\" rel=\"noopener\">La denominaci\u00f3n, la identificaci\u00f3n y el domicilio de la entidad.<\/a><\/li>\n<li><a href=\"http:\/\/fundacionelencuentro.org\/co\/wp-content\/uploads\/2021\/11\/2.-Descripcio\u0301n-de-la-actividad-meritoria.pdf\" target=\"_blank\" rel=\"noopener\">La descripci\u00f3n de la actividad meritoria.<\/a><\/li>\n<li><a href=\"http:\/\/fundacionelencuentro.org\/co\/wp-content\/uploads\/2022\/03\/3.-Monto-y-destino-de-la-reinversio%CC%81n-del-beneficio-neto.docx\" target=\"_blank\" rel=\"noopener\">El monto y el destino de la reinversi\u00f3n del beneficio o excedente neto, cuando corresponda.<\/a><\/li>\n<li><a href=\"http:\/\/fundacionelencuentro.org\/co\/wp-content\/uploads\/2021\/11\/4.-Monto-y-destino-de-las-asignaciones-permanentes.pdf\" target=\"_blank\" rel=\"noopener\">El monto y el destino de las asignaciones permanentes que se hayan realizado en el a\u00f1o y los plazos adicionales que est\u00e9n autorizados por el m\u00e1ximo \u00f3rgano social, cuando corresponda.<\/a><\/li>\n<li><a href=\"http:\/\/fundacionelencuentro.org\/co\/wp-content\/uploads\/2021\/11\/5.-Nombre-e-identificacio\u0301n-de-cargos-directivos.pdf\" target=\"_blank\" rel=\"noopener\">Los nombres e identificaci\u00f3n de las personas que ocupan cargos gerenciales, directivos o de control.<\/a><\/li>\n<li><a href=\"http:\/\/fundacionelencuentro.org\/co\/6-monto-de-los-pagos-salariales-a-directivos-2\/\" target=\"_blank\" rel=\"noopener\">El monto total de pagos salariales a los miembros de los cuerpos directivos, sin obligaci\u00f3n de discriminar los pagos individuales.<\/a><\/li>\n<li><a href=\"http:\/\/fundacionelencuentro.org\/co\/wp-content\/uploads\/2021\/11\/7.-Nombre-e-identificacio\u0301n-de-los-fundadores.pdf\" target=\"_blank\" rel=\"noopener\">Los nombres e identificaci\u00f3n de los fundadores.<\/a><\/li>\n<li><a href=\"http:\/\/fundacionelencuentro.org\/co\/wp-content\/uploads\/2022\/03\/8.-Monto-del-patrimonio-a-31-de-diciembre-an%CC%83o-anterior.docx\">El monto del patrimonio a 31 de diciembre del a\u00f1o inmediatamente anterior.<\/a><\/li>\n<li><a href=\"http:\/\/fundacionelencuentro.org\/co\/wp-content\/uploads\/2022\/03\/9.-Donaciones-recibidas.docx\" target=\"_blank\" rel=\"noopener\">En caso de recibir donaciones, la identificaci\u00f3n del donante y el monto de la donaci\u00f3n, as\u00ed como la destinaci\u00f3n de la misma y el plazo proyectado para el gasto o la inversi\u00f3n. Para tales efectos se entiende que la donaci\u00f3n a una entidad del R\u00e9gimen Tributario Especial es una autorizaci\u00f3n de publicar los datos que contiene el registro.<\/a><\/li>\n<li><a href=\"http:\/\/fundacionelencuentro.org\/co\/wp-content\/uploads\/2022\/03\/10.-Donaciones-recibidas-en-eventos-colectivos.docx\" target=\"_blank\" rel=\"noopener\">Cuando las donaciones se perciban en eventos colectivos, sin que sea posible la identificaci\u00f3n particular de los donantes, se deber\u00e1 inscribir el monto total percibido, la fecha y la destinaci\u00f3n del mismo.<\/a><\/li>\n<li><a href=\"http:\/\/fundacionelencuentro.org\/co\/wp-content\/uploads\/2022\/03\/11.-informe-gestion.pdf\" target=\"_blank\" rel=\"noopener\">Un informe anual de resultados que prevea datos sobre sus proyectos en curso y los finalizados, los ingresos, los contratos realizados, subsidios y aportes recibidos as\u00ed como las metas logradas en beneficio de la comunidad.<\/a><\/li>\n<li><a href=\"http:\/\/fundacionelencuentro.org\/co\/wp-content\/uploads\/2022\/03\/12-estados-financieros.pdf\" target=\"_blank\" rel=\"noopener\">Los estados financieros de la entidad.<\/a><\/li>\n<li><a href=\"http:\/\/fundacionelencuentro.org\/co\/wp-content\/uploads\/2022\/03\/13-CERT-REP-LEGAL-RF.pdf\" target=\"_blank\" rel=\"noopener\">El certificado del representante legal o revisor fiscal, junto con la declaraci\u00f3n de renta donde se evidencie que han cumplido con todos los requisitos durante el respectivo a\u00f1o, cuando corresponda;<\/a><\/li>\n<li><a href=\"http:\/\/fundacionelencuentro.org\/co\/wp-content\/uploads\/2022\/03\/14.-Recursos-de-cooperacio%CC%81n-internacional.docx\" target=\"_blank\" rel=\"noopener\">Los recursos de cooperaci\u00f3n internacional no reembolsable que reciban o ejecuten.<\/a><\/li>\n<\/ol>\n<ul class=\"documentos\">\n<li><a href=\"http:\/\/fundacionelencuentro.org\/co\/wp-content\/uploads\/2021\/11\/Anexo-1.-Acta-de-Constitucio\u0301n.pdf\" target=\"_blank\" rel=\"noopener\">Anexo 1. Acta de Constituci\u00f3n<\/a><\/li>\n<li><a href=\"http:\/\/fundacionelencuentro.org\/co\/wp-content\/uploads\/2022\/03\/anexo-2CAMARA-COMERCIO-30-MARZO.pdf\" target=\"_blank\" rel=\"noopener\">Anexo 2. Certificado de Existencia y Representaci\u00f3n Legal<\/a><\/li>\n<li><a href=\"http:\/\/fundacionelencuentro.org\/co\/wp-content\/uploads\/2022\/03\/anexo-3ACTA-FSE-2022.pdf\" target=\"_blank\" rel=\"noopener\">Anexo 3. Acta de Asamblea<\/a><\/li>\n<li><a href=\"http:\/\/fundacionelencuentro.org\/co\/wp-content\/uploads\/2021\/11\/Anexo-4.-Estatutos.pdf\">Anexo 4. Estatutos<\/a><\/li>\n<li><a href=\"http:\/\/fundacionelencuentro.org\/co\/wp-content\/uploads\/2022\/03\/anexo-5-ANTECEDENTES.pdf\" target=\"_blank\" rel=\"noopener\">Anexo 5. Certificaci\u00f3n de antecedentes judiciales y declaraci\u00f3n de caducidad de contratos estatales.<\/a><\/li>\n<li><a href=\"http:\/\/fundacionelencuentro.org\/co\/wp-content\/uploads\/2022\/03\/anexo-6-CARGOS-DIRECTIVOS.pdf\" target=\"_blank\" rel=\"noopener\">Anexo 6. Certificaci\u00f3n de remuneraci\u00f3n de cargos directivos y gerenciales.<\/a><\/li>\n<\/ul>\n<\/div>\n<\/div><\/div><\/div><\/div><\/div><\/div>","protected":false},"excerpt":{"rendered":"<p>La denominaci\u00f3n, la identificaci\u00f3n y el domicilio de la entidad. La descripci\u00f3n de la actividad meritoria. El monto y el destino de la reinversi\u00f3n del beneficio o excedente neto, cuando corresponda. El monto y el destino de las asignaciones permanentes que se hayan realizado en el a\u00f1o y los plazos adicionales que est\u00e9n autorizados por&#8230;<\/p>\n<p class=\"more-link\"><a href=\"https:\/\/fundacionelencuentro.org\/co\/transparencia-rte\/\"><span>Read More<\/span><i>&#43;<\/i><\/a><\/p>\n<div class='heateorSssClear'><\/div><div  class='heateor_sss_sharing_container heateor_sss_horizontal_sharing' data-heateor-sss-href='https:\/\/fundacionelencuentro.org\/co\/transparencia-rte\/'><div class='heateor_sss_sharing_title' style=\"font-weight:bold\" ><\/div><div class=\"heateor_sss_sharing_ul\"><a aria-label=\"Linkedin Share\" style=\"padding:7.35px 0!important;margin-top:-2px!important;\" class=\"heateor_sss_linkedin_share\"><script src=\"\/\/platform.linkedin.com\/in.js\" type=\"text\/javascript\">lang: es_ES<\/script><script type=\"IN\/Share\" data-url=\"https:\/\/fundacionelencuentro.org\/co\/transparencia-rte\/\" data-counter=\"right\"><\/script><\/a><\/div><div class=\"heateorSssClear\"><\/div><\/div><div class='heateorSssClear'><\/div>","protected":false},"author":1,"featured_media":0,"parent":0,"menu_order":0,"comment_status":"closed","ping_status":"closed","template":"","meta":{"_exactmetrics_skip_tracking":false,"_exactmetrics_sitenote_active":false,"_exactmetrics_sitenote_note":"","_exactmetrics_sitenote_category":0},"_links":{"self":[{"href":"https:\/\/fundacionelencuentro.org\/co\/wp-json\/wp\/v2\/pages\/2588"}],"collection":[{"href":"https:\/\/fundacionelencuentro.org\/co\/wp-json\/wp\/v2\/pages"}],"about":[{"href":"https:\/\/fundacionelencuentro.org\/co\/wp-json\/wp\/v2\/types\/page"}],"author":[{"embeddable":true,"href":"https:\/\/fundacionelencuentro.org\/co\/wp-json\/wp\/v2\/users\/1"}],"replies":[{"embeddable":true,"href":"https:\/\/fundacionelencuentro.org\/co\/wp-json\/wp\/v2\/comments?post=2588"}],"version-history":[{"count":19,"href":"https:\/\/fundacionelencuentro.org\/co\/wp-json\/wp\/v2\/pages\/2588\/revisions"}],"predecessor-version":[{"id":2643,"href":"https:\/\/fundacionelencuentro.org\/co\/wp-json\/wp\/v2\/pages\/2588\/revisions\/2643"}],"wp:attachment":[{"href":"https:\/\/fundacionelencuentro.org\/co\/wp-json\/wp\/v2\/media?parent=2588"}],"curies":[{"name":"wp","href":"https:\/\/api.w.org\/{rel}","templated":true}]}}