{"id":483,"date":"2017-05-22T13:06:45","date_gmt":"2017-05-22T13:06:45","guid":{"rendered":"http:\/\/fundacionelencuentro.org\/co\/?page_id=483"},"modified":"2020-07-05T15:06:06","modified_gmt":"2020-07-05T20:06:06","slug":"nosotros","status":"publish","type":"page","link":"https:\/\/fundacionelencuentro.org\/co\/nosotros\/","title":{"rendered":"Nosotros"},"content":{"rendered":"<div id=\"pl-483\"  class=\"panel-layout\" ><div id=\"pg-483-0\"  class=\"panel-grid panel-has-style\" ><div class=\"siteorigin-panels-stretch panel-row-style panel-row-style-for-483-0\" data-stretch-type=\"full-stretched\" ><div id=\"pgc-483-0-0\"  class=\"panel-grid-cell\" ><div id=\"panel-483-0-0-0\" class=\"so-panel widget widget_sow-hero panel-first-child panel-last-child\" data-index=\"0\" ><div class=\"panel-widget-style panel-widget-style-for-483-0-0-0\" ><div\n\t\t\t\n\t\t\tclass=\"so-widget-sow-hero so-widget-sow-hero-default-7d29e551a08a-483\"\n\t\t\t\n\t\t>\t\t\t\t<div class=\"sow-slider-base\" style=\"display: none\">\n\t\t\t\t\t<ul\n\t\t\t\t\tclass=\"sow-slider-images\"\n\t\t\t\t\tdata-settings=\"{&quot;pagination&quot;:true,&quot;speed&quot;:800,&quot;timeout&quot;:8000,&quot;paused&quot;:false,&quot;pause_on_hover&quot;:false,&quot;swipe&quot;:false,&quot;nav_always_show_desktop&quot;:&quot;&quot;,&quot;nav_always_show_mobile&quot;:&quot;&quot;,&quot;breakpoint&quot;:&quot;780px&quot;,&quot;unmute&quot;:false,&quot;anchor&quot;:null}\"\n\t\t\t\t\t\t\t\t\t\tdata-anchor-id=\"\"\n\t\t\t\t>\t\t<li class=\"sow-slider-image  sow-slider-image-cover\" style=\"visibility: visible;;background-color: #333333\" >\n\t\t\t\t\t<div class=\"sow-slider-image-container\">\n\t\t\t<div class=\"sow-slider-image-wrapper\">\n\t\t\t\t<h1 style=\"font-size:26px;font-weight:400;max-width:1000px;margin:auto\">\u201cComo una organizaci\u00f3n fundamentada en valores cristianos, ejecutamos programas que atienden objetivos de desarrollo sostenible integrando las buenas pr\u00e1cticas empresariales y sociales en colaboraci\u00f3n de una gran red de personas e instituciones amigas, que benefician a comunidades brindando alimentaci\u00f3n, paz y educaci\u00f3n\u201d <\/h1>\n\t\t\t<\/div>\n\t\t<\/div>\n\t\t<div class=\"sow-slider-image-overlay sow-slider-image-cover\" style=\"background-image: url(http:\/\/fundacionelencuentro.org\/co\/wp-content\/uploads\/2017\/05\/Bogota-panoramica.jpg);opacity: 0.7\"  ><\/div>\t\t<\/li>\n\t\t<\/ul>\t\t\t\t<ol class=\"sow-slider-pagination\">\n\t\t\t\t\t\t\t\t\t\t\t<li><a href=\"#\" data-goto=\"0\" aria-label=\"display slide 1\"><\/a><\/li>\n\t\t\t\t\t\t\t\t\t<\/ol>\n\n\t\t\t\t<div class=\"sow-slide-nav sow-slide-nav-next\">\n\t\t\t\t\t<a href=\"#\" data-goto=\"next\" aria-label=\"next slide\" data-action=\"next\">\n\t\t\t\t\t\t<em class=\"sow-sld-icon-thin-right\"><\/em>\n\t\t\t\t\t<\/a>\n\t\t\t\t<\/div>\n\n\t\t\t\t<div class=\"sow-slide-nav sow-slide-nav-prev\">\n\t\t\t\t\t<a href=\"#\" data-goto=\"previous\" aria-label=\"previous slide\" data-action=\"prev\">\n\t\t\t\t\t\t<em class=\"sow-sld-icon-thin-left\"><\/em>\n\t\t\t\t\t<\/a>\n\t\t\t\t<\/div>\n\t\t\t\t<\/div><\/div><\/div><\/div><\/div><\/div><\/div><div id=\"pg-483-1\"  class=\"panel-grid panel-has-style\" ><div class=\"panel-row-style panel-row-style-for-483-1\" ><div id=\"pgc-483-1-0\"  class=\"panel-grid-cell\" ><div id=\"panel-483-1-0-0\" class=\"so-panel widget widget_siteorigin-panels-builder panel-first-child\" data-index=\"1\" ><div id=\"pl-w594d86dce710f\"  class=\"panel-layout\" ><div id=\"pg-w594d86dce710f-0\"  class=\"panel-grid panel-no-style\" ><div id=\"pgc-w594d86dce710f-0-0\"  class=\"panel-grid-cell\" ><div id=\"panel-w594d86dce710f-0-0-0\" class=\"so-panel widget widget_text panel-first-child panel-last-child\" data-index=\"0\" ><div class=\"panel-widget-style panel-widget-style-for-w594d86dce710f-0-0-0\" >\t\t\t<div class=\"textwidget\"><h1 style=\"font-weight:700; font-size:45px; margin-bottom:0; text-align:center;\">\u00bfPor qu\u00e9?<\/h1> <\/div>\n\t\t<\/div><\/div><\/div><div id=\"pgc-w594d86dce710f-0-1\"  class=\"panel-grid-cell\" ><div id=\"panel-w594d86dce710f-0-1-0\" class=\"so-panel widget widget_text panel-first-child panel-last-child\" data-index=\"1\" >\t\t\t<div class=\"textwidget\"><p style=\"font-weight:400; font-size:22px; color:black;\" >En 1997, nacimos del trabajo fundamental de la iglesia, el servir y amar a la comunidad, y seguimos creciendo y ampliando nuestra alcance para la transformaci\u00f3n integral de la ciudad.<\/p><\/div>\n\t\t<\/div><\/div><\/div><\/div><\/div><div id=\"panel-483-1-0-1\" class=\"so-panel widget widget_sow-image panel-last-child\" data-index=\"2\" ><div class=\"panel-widget-style panel-widget-style-for-483-1-0-1\" ><div\n\t\t\t\n\t\t\tclass=\"so-widget-sow-image so-widget-sow-image-default-c67d20f9f743-483\"\n\t\t\t\n\t\t>\n\n<div class=\"sow-image-container\">\n\t\t<img src=\"https:\/\/fundacionelencuentro.org\/co\/wp-content\/uploads\/2017\/05\/linea.jpg\" width=\"982\" height=\"338\" srcset=\"https:\/\/fundacionelencuentro.org\/co\/wp-content\/uploads\/2017\/05\/linea.jpg 982w, https:\/\/fundacionelencuentro.org\/co\/wp-content\/uploads\/2017\/05\/linea-300x103.jpg 300w, https:\/\/fundacionelencuentro.org\/co\/wp-content\/uploads\/2017\/05\/linea-768x264.jpg 768w\" sizes=\"(max-width: 982px) 100vw, 982px\" alt=\"\" loading=\"lazy\" \t\tclass=\"so-widget-image\"\/>\n\t<\/div>\n\n<\/div><\/div><\/div><\/div><\/div><\/div><div id=\"pg-483-2\"  class=\"panel-grid panel-has-style\" ><div class=\"siteorigin-panels-stretch panel-row-style panel-row-style-for-483-2\" data-stretch-type=\"full-stretched\" ><div id=\"pgc-483-2-0\"  class=\"panel-grid-cell\" ><div id=\"panel-483-2-0-0\" class=\"so-panel widget widget_siteorigin-panels-builder panel-first-child panel-last-child\" data-index=\"3\" ><div class=\"panel-widget-style panel-widget-style-for-483-2-0-0\" ><div id=\"pl-w5d27b71484a24\"  class=\"panel-layout\" ><div id=\"pg-w5d27b71484a24-0\"  class=\"panel-grid panel-has-style\" ><div class=\"panel-row-style panel-row-style-for-w5d27b71484a24-0\" ><div id=\"pgc-w5d27b71484a24-0-0\"  class=\"panel-grid-cell\" ><div id=\"panel-w5d27b71484a24-0-0-0\" class=\"so-panel widget widget_text panel-first-child panel-last-child\" data-index=\"0\" ><div class=\"panel-widget-style panel-widget-style-for-w5d27b71484a24-0-0-0\" >\t\t\t<div class=\"textwidget\"><h1 style=\"font-weight:700; font-size:45px; margin-bottom:0;\">\u00bfC\u00f3mo?<\/h1> <\/div>\n\t\t<\/div><\/div><\/div><div id=\"pgc-w5d27b71484a24-0-1\"  class=\"panel-grid-cell\" ><div id=\"panel-w5d27b71484a24-0-1-0\" class=\"so-panel widget widget_text panel-first-child panel-last-child\" data-index=\"1\" ><div class=\"panel-widget-style panel-widget-style-for-w5d27b71484a24-0-1-0\" >\t\t\t<div class=\"textwidget\"><p style=\"font-weight:400; font-size:22px; color:black; line-height:1.4;\" >Nuestro equipo de trabajo est\u00e1 conformado por personas con una firme vocaci\u00f3n social, que cuentan con experiencia, formaci\u00f3n y voluntad de servicio en diversos campos del conocimiento. \n\nNos mueve el inter\u00e9s por aportar a la transformaci\u00f3n de la ciudad que nos acoge,  desde el hacer el bien y el ense\u00f1ar a ser buenos ciudadanos. <\/div>\n\t\t<\/div><\/div><\/div><\/div><\/div><\/div><\/div><\/div><\/div><\/div><\/div><div id=\"pg-483-3\"  class=\"panel-grid panel-has-style\" ><div class=\"panel-row-style panel-row-style-for-483-3\" ><div id=\"pgc-483-3-0\"  class=\"panel-grid-cell\" ><\/div><\/div><\/div><div id=\"pg-483-4\"  class=\"panel-grid panel-has-style\" ><div class=\"panel-row-style panel-row-style-for-483-4\" ><div id=\"pgc-483-4-0\"  class=\"panel-grid-cell\" ><div id=\"panel-483-4-0-0\" class=\"so-panel widget widget_sow-button panel-first-child panel-last-child\" data-index=\"5\" ><div\n\t\t\t\n\t\t\tclass=\"so-widget-sow-button so-widget-sow-button-atom-eaa51a902caf-483\"\n\t\t\t\n\t\t><div class=\"ow-button-base ow-button-align-center\">\n\t<a\n\thref=\"http:\/\/fundacionelencuentro.org\/co\/en\/certificacion-rep-legal-d-2150-articulo-1-2-1-5-1-8-1-signed\/\"\n\t\tclass=\"ow-icon-placement-left ow-button-hover\" \t>\n\t\t<span>\n\t\t\t\n\t\t\tCERTIFICACION\t\t<\/span>\n\t<\/a>\n<\/div>\n<\/div><\/div><\/div><div id=\"pgc-483-4-1\"  class=\"panel-grid-cell\" ><div id=\"panel-483-4-1-0\" class=\"so-panel widget widget_sow-button panel-first-child panel-last-child\" data-index=\"6\" ><div\n\t\t\t\n\t\t\tclass=\"so-widget-sow-button so-widget-sow-button-atom-eaa51a902caf-483\"\n\t\t\t\n\t\t><div class=\"ow-button-base ow-button-align-center\">\n\t<a\n\thref=\"http:\/\/fundacionelencuentro.org\/co\/en\/acta-de-constitucion-3\/\"\n\t\tclass=\"ow-icon-placement-left ow-button-hover\" target=\"_blank\" rel=\"noopener noreferrer\" \t>\n\t\t<span>\n\t\t\t\n\t\t\tCONSTITUCION\t\t<\/span>\n\t<\/a>\n<\/div>\n<\/div><\/div><\/div><div id=\"pgc-483-4-2\"  class=\"panel-grid-cell\" ><div id=\"panel-483-4-2-0\" class=\"so-panel widget widget_sow-button panel-first-child panel-last-child\" data-index=\"7\" ><div\n\t\t\t\n\t\t\tclass=\"so-widget-sow-button so-widget-sow-button-atom-eaa51a902caf-483\"\n\t\t\t\n\t\t><div class=\"ow-button-base ow-button-align-center\">\n\t<a\n\thref=\"http:\/\/fundacionelencuentro.org\/co\/en\/camara-junio\/\"\n\t\tclass=\"ow-icon-placement-left ow-button-hover\" target=\"_blank\" rel=\"noopener noreferrer\" \t>\n\t\t<span>\n\t\t\t\n\t\t\tCAMARA DE COMERCIO\t\t<\/span>\n\t<\/a>\n<\/div>\n<\/div><\/div><\/div><\/div><\/div><div id=\"pg-483-5\"  class=\"panel-grid panel-has-style\" ><div class=\"panel-row-style panel-row-style-for-483-5\" ><div id=\"pgc-483-5-0\"  class=\"panel-grid-cell panel-grid-cell-empty\" ><\/div><div id=\"pgc-483-5-1\"  class=\"panel-grid-cell panel-grid-cell-mobile-last\" ><div id=\"panel-483-5-1-0\" class=\"so-panel widget widget_sow-button panel-first-child panel-last-child\" data-index=\"8\" ><div\n\t\t\t\n\t\t\tclass=\"so-widget-sow-button so-widget-sow-button-atom-eaa51a902caf-483\"\n\t\t\t\n\t\t><div class=\"ow-button-base ow-button-align-center\">\n\t<a\n\thref=\"http:\/\/fundacionelencuentro.org\/co\/en\/renta-2019\/\"\n\t\tclass=\"ow-icon-placement-left ow-button-hover\" target=\"_blank\" rel=\"noopener noreferrer\" \t>\n\t\t<span>\n\t\t\t\n\t\t\tRENTA 2019\t\t<\/span>\n\t<\/a>\n<\/div>\n<\/div><\/div><\/div><div id=\"pgc-483-5-2\"  class=\"panel-grid-cell panel-grid-cell-empty\" ><\/div><\/div><\/div><div id=\"pg-483-6\"  class=\"panel-grid panel-no-style\" ><div id=\"pgc-483-6-0\"  class=\"panel-grid-cell\" ><div id=\"panel-483-6-0-0\" class=\"so-panel widget widget_sow-button panel-first-child panel-last-child\" data-index=\"9\" ><div\n\t\t\t\n\t\t\tclass=\"so-widget-sow-button so-widget-sow-button-atom-eaa51a902caf-483\"\n\t\t\t\n\t\t><div class=\"ow-button-base ow-button-align-center\">\n\t<a\n\thref=\"http:\/\/fundacionelencuentro.org\/co\/en\/estados-financieros-2019-consolidados-1\/\"\n\t\tclass=\"ow-icon-placement-left ow-button-hover\" target=\"_blank\" rel=\"noopener noreferrer\" \t>\n\t\t<span>\n\t\t\t\n\t\t\tESTADOS FINANCIEROS 2019\t\t<\/span>\n\t<\/a>\n<\/div>\n<\/div><\/div><\/div><div id=\"pgc-483-6-1\"  class=\"panel-grid-cell\" ><div id=\"panel-483-6-1-0\" class=\"so-panel widget widget_sow-button panel-first-child panel-last-child\" data-index=\"10\" ><div\n\t\t\t\n\t\t\tclass=\"so-widget-sow-button so-widget-sow-button-atom-eaa51a902caf-483\"\n\t\t\t\n\t\t><div class=\"ow-button-base ow-button-align-center\">\n\t<a\n\thref=\"http:\/\/fundacionelencuentro.org\/co\/en\/estatutos-fundacion-social-el-encuentro-_-abril-2014\/\"\n\t\tclass=\"ow-icon-placement-left ow-button-hover\" target=\"_blank\" rel=\"noopener noreferrer\" \t>\n\t\t<span>\n\t\t\t\n\t\t\tESTATUTOS\t\t<\/span>\n\t<\/a>\n<\/div>\n<\/div><\/div><\/div><div id=\"pgc-483-6-2\"  class=\"panel-grid-cell\" ><div id=\"panel-483-6-2-0\" class=\"so-panel widget widget_sow-button panel-first-child panel-last-child\" data-index=\"11\" ><div\n\t\t\t\n\t\t\tclass=\"so-widget-sow-button so-widget-sow-button-atom-eaa51a902caf-483\"\n\t\t\t\n\t\t><div class=\"ow-button-base ow-button-align-center\">\n\t<a\n\thref=\"http:\/\/fundacionelencuentro.org\/co\/en\/extracto-asamblea-extraordinaria-xxix-junio-2020-signed\/\"\n\t\tclass=\"ow-icon-placement-left ow-button-hover\" target=\"_blank\" rel=\"noopener noreferrer\" \t>\n\t\t<span>\n\t\t\t\n\t\t\tACTA DE ASAMBLEA\t\t<\/span>\n\t<\/a>\n<\/div>\n<\/div><\/div><\/div><\/div><\/div>","protected":false},"excerpt":{"rendered":"<p>\u201cComo una organizaci\u00f3n fundamentada en valores cristianos, ejecutamos programas que atienden objetivos de desarrollo sostenible integrando las buenas pr\u00e1cticas empresariales y sociales en colaboraci\u00f3n de una gran red de personas e instituciones amigas, que benefician a comunidades brindando alimentaci\u00f3n, paz y educaci\u00f3n\u201d \u00bfPor qu\u00e9? En 1997, nacimos del trabajo fundamental de la iglesia, el servir&#8230;<\/p>\n<p class=\"more-link\"><a href=\"https:\/\/fundacionelencuentro.org\/co\/nosotros\/\"><span>Read More<\/span><i>&#43;<\/i><\/a><\/p>\n<div class='heateorSssClear'><\/div><div  class='heateor_sss_sharing_container heateor_sss_horizontal_sharing' data-heateor-sss-href='https:\/\/fundacionelencuentro.org\/co\/nosotros\/'><div class='heateor_sss_sharing_title' style=\"font-weight:bold\" ><\/div><div class=\"heateor_sss_sharing_ul\"><a aria-label=\"Linkedin Share\" style=\"padding:7.35px 0!important;margin-top:-2px!important;\" class=\"heateor_sss_linkedin_share\"><script src=\"\/\/platform.linkedin.com\/in.js\" type=\"text\/javascript\">lang: es_ES<\/script><script type=\"IN\/Share\" data-url=\"https:\/\/fundacionelencuentro.org\/co\/nosotros\/\" data-counter=\"right\"><\/script><\/a><\/div><div class=\"heateorSssClear\"><\/div><\/div><div class='heateorSssClear'><\/div>","protected":false},"author":1,"featured_media":0,"parent":0,"menu_order":0,"comment_status":"closed","ping_status":"closed","template":"","meta":{"_exactmetrics_skip_tracking":false,"_exactmetrics_sitenote_active":false,"_exactmetrics_sitenote_note":"","_exactmetrics_sitenote_category":0},"_links":{"self":[{"href":"https:\/\/fundacionelencuentro.org\/co\/wp-json\/wp\/v2\/pages\/483"}],"collection":[{"href":"https:\/\/fundacionelencuentro.org\/co\/wp-json\/wp\/v2\/pages"}],"about":[{"href":"https:\/\/fundacionelencuentro.org\/co\/wp-json\/wp\/v2\/types\/page"}],"author":[{"embeddable":true,"href":"https:\/\/fundacionelencuentro.org\/co\/wp-json\/wp\/v2\/users\/1"}],"replies":[{"embeddable":true,"href":"https:\/\/fundacionelencuentro.org\/co\/wp-json\/wp\/v2\/comments?post=483"}],"version-history":[{"count":84,"href":"https:\/\/fundacionelencuentro.org\/co\/wp-json\/wp\/v2\/pages\/483\/revisions"}],"predecessor-version":[{"id":2579,"href":"https:\/\/fundacionelencuentro.org\/co\/wp-json\/wp\/v2\/pages\/483\/revisions\/2579"}],"wp:attachment":[{"href":"https:\/\/fundacionelencuentro.org\/co\/wp-json\/wp\/v2\/media?parent=483"}],"curies":[{"name":"wp","href":"https:\/\/api.w.org\/{rel}","templated":true}]}}